{"id":193,"date":"2023-11-27T16:07:23","date_gmt":"2023-11-27T16:07:23","guid":{"rendered":"https:\/\/salomeodv.it\/web\/?post_type=evento&#038;p=193"},"modified":"2023-11-27T16:07:23","modified_gmt":"2023-11-27T16:07:23","slug":"labuso-di-farmaci-dalla-prevenzione-al-trattamento","status":"publish","type":"evento","link":"https:\/\/salomeodv.it\/web\/evento\/labuso-di-farmaci-dalla-prevenzione-al-trattamento\/","title":{"rendered":"L&#8217;abuso di farmaci, dalla prevenzione al trattamento"},"content":{"rendered":"\n<p><strong>PROGRAMMA<\/strong><br>Ore 8,00&nbsp;<strong>Registrazione dei partecipanti&nbsp;<\/strong><br>Ore 8,30&nbsp;<strong>Saluti delle Autorit\u00e0&nbsp;<br><\/strong><br><strong>I SESSIONE&nbsp;<\/strong><br>Moderatore Luigi&nbsp;<strong>SPEDICATO&nbsp;<\/strong><br>(Universit\u00e0 del Salento)<br>Ore 8,30&nbsp;<br>Le politiche di prevenzione in Italia Calogero&nbsp;<strong>MAUCERI<\/strong>&nbsp;(Capo Dipartimento della Giovent\u00f9 \u2013 Presidenza Consiglio dei Ministri)&nbsp;<br>Ore 9,00&nbsp;<br><strong>Report 2015 UNODC sulla prevenzione Giovanna CAMPELLO<\/strong>&nbsp;(UNODC Prevention, Treatment &amp; Reabilitation Section)&nbsp;<br>Ore 10,00&nbsp;<strong>Dibattito&nbsp;<\/strong><br>Ore 10,30&nbsp;<strong>Pausa&nbsp;<\/strong><br>Ore 10,45&nbsp;<br><strong>L\u2019esperienze dell\u2019Istituto Comprensivo di Poggiardo nei progetti di prevenzione Rita<br><\/strong>Anna Rosaria&nbsp;<strong>PIZZOLEO<\/strong>&nbsp;(Docente Istituto Comprensivo Poggiardo)&nbsp;<br>Ore 11,15&nbsp;<br><strong>L\u2019esperienza dell\u2019I.I.S. \u201cL. Da Vinci\u201d di Fasano nei progetti di prevenzione\u2028&nbsp;<br><\/strong>Maria Stella&nbsp;<strong>CARPARELLI<\/strong>&nbsp;(Dirigente scola- stico I. I. S. \u201cL. Da Vinci\u201d di Fasano&nbsp;<br>Ore 11,45&nbsp;<br><strong>Lavori di gruppo: modelli di prevenzione&nbsp;<\/strong><br>Ore 12,45&nbsp;<strong>Dibattito<\/strong><br>Ore 13:00&nbsp;<strong>Pausa pranzo&nbsp;<\/strong><\/p>\n\n\n\n<p><strong><br>II SESSIONE&nbsp;<\/strong><br>Moderatore Luigi&nbsp;<strong>SPEDICATO<\/strong><br>(Universit\u00e0 del Salento)&nbsp;<\/p>\n\n\n\n<p>Ore 14,00&nbsp;<br><strong>Abuso e misuso di psicofarmaci in USA e in Italia&nbsp;<br><\/strong>Claudio&nbsp;<strong>POGGI<\/strong>&nbsp;(Sociologo D.D.P. ASL Bari)&nbsp;<br>Ore 14,30&nbsp;<br><strong>Una ricerca sull\u2019uso di psicofarmaci in Provincia di Lecce&nbsp;<br><\/strong>Domenico&nbsp;<strong>DI TOLLA<\/strong>&nbsp;(Presidente Ordine Farmacisti Prov. Lecce)&nbsp;<br>Ore 15,00&nbsp;<br><strong>Abuso di benzodiazepine e oppioidi di prescrizione&nbsp;<\/strong><br>Fabio&nbsp;<strong>LUGOBONI<\/strong>&nbsp;(Direttore Medicina dipendenze Universit\u00e0 di Verona)&nbsp;<br>Ore 16,00&nbsp;<strong>Dibattito&nbsp;<\/strong><br>Ore 16,30&nbsp;<strong>Pausa&nbsp;<\/strong><br>Ore 16,45&nbsp;<br><strong>Studio su un campione dei pazienti del D.D.P. di Lecce su abuso, misuso e diversio- ne dei farmaci prescritti nei Ser.T.<\/strong><br>Salvatore&nbsp;<strong>DELLA BONA<\/strong>&nbsp;(Direttore D.D.P. Asl Lecce)&nbsp;<br>Ore 17,15&nbsp;<br><strong>Sinergia tra medici di base e servizi per le dipendenze\u2028&nbsp;<br><\/strong>Mauro&nbsp;<strong>ALBA<\/strong>&nbsp;(Animatore di formazione SIMG)&nbsp;<br>Ore 1 7,45&nbsp;<br><strong>Casi clinici di trattamento farmacologico per dipendenza da cocaina in comunit\u00e0 Terapeutica&nbsp;<\/strong><br>Vincenzo&nbsp;<strong>LEONE<\/strong>&nbsp;(Responsabile Nazionale Comunit\u00e0 Emmanuel)&nbsp;<br>Ore 18,15&nbsp;<strong>Dibattito&nbsp;<\/strong><br>Ore 18,30&nbsp;<br><strong>Lavori di gruppo: modelli di collaborazione tra farmacisti, medici di base e servizi per una diagnosi precoce&nbsp;<\/strong><br>Ore 19,15&nbsp;<br><strong>Questionario ECM&nbsp;<\/strong><\/p>\n\n\n\n<p><strong>FACULTY<\/strong><br>Luigi&nbsp;<strong>SPEDICATO&nbsp;<\/strong><br>(Universit\u00e0 del Salento)<br>Calogero&nbsp;<strong>MAUCERI<\/strong><br>(Capo Dipartimento della Giovent\u00f9 \u2013 Presidenza Consiglio dei Ministri)<br>Giovanna&nbsp;<strong>CAMPELLO<\/strong><br>(UNODC Prevention, Treatment &amp; Reabilitation Section)<br>Anna Rosaria&nbsp;<strong>PIZZOLEO<\/strong><br>(Docente Istituto Comprensivo Poggiardo)<br>Maria Stella&nbsp;<strong>CARPARELLI<\/strong><br>(Dirigente scolastico I. I. S. \u201cL. Da Vinci\u201d di Fasano<br>Claudio&nbsp;<strong>POGGI<\/strong><br>(Sociologo D.D.P. ASL Bari)<br>Domenico&nbsp;<strong>DI TOLLA<\/strong><br>(Presidente Ordine Farmacisti Prov. Lecce)<br>Fabio&nbsp;<strong>LUGOBONI<\/strong><br>(Direttore Medicina dipendenze Universit\u00e0 di Verona)<br>Salvatore&nbsp;<strong>DELLA BONA<\/strong>&nbsp;(Direttore D.D.P. Asl Lecce)<br>Mauro&nbsp;<strong>ALBA<\/strong><br>(Animatore di formazione SIMG)<br>Vincenzo&nbsp;<strong>LEONE<\/strong><br>(Responsabile Nazionale Comunit\u00e0 Emmanuel)<\/p>\n\n\n\n<p><strong>EVENTO SCIENTIFICO N. 7,5 CREDITI ECM<br>INGRESSO GRATUITO<\/strong><br>Accreditato per le seguenti figure professionali:<br>MMG, Psichiatri, Psicoterapeuti, Farmacologi e Tossicologi clinici, Psicologi, Educatori professionali, Farmacisti.<\/p>\n","protected":false},"featured_media":195,"template":"","class_list":["post-193","evento","type-evento","status-publish","has-post-thumbnail","hentry"],"acf":[],"yoast_head":"<!-- This site is optimized with the Yoast SEO plugin v27.5 - https:\/\/yoast.com\/product\/yoast-seo-wordpress\/ -->\n<title>L&#039;abuso di farmaci, dalla prevenzione al trattamento - Salom\u00e9 odv<\/title>\n<meta name=\"robots\" content=\"index, follow, max-snippet:-1, max-image-preview:large, max-video-preview:-1\" \/>\n<link rel=\"canonical\" href=\"https:\/\/salomeodv.it\/web\/evento\/labuso-di-farmaci-dalla-prevenzione-al-trattamento\/\" \/>\n<meta property=\"og:locale\" content=\"it_IT\" \/>\n<meta property=\"og:type\" content=\"article\" \/>\n<meta property=\"og:title\" content=\"L&#039;abuso di farmaci, dalla prevenzione al trattamento - Salom\u00e9 odv\" \/>\n<meta property=\"og:description\" content=\"PROGRAMMAOre 8,00&nbsp;Registrazione dei partecipanti&nbsp;Ore 8,30&nbsp;Saluti delle Autorit\u00e0&nbsp;I SESSIONE&nbsp;Moderatore Luigi&nbsp;SPEDICATO&nbsp;(Universit\u00e0 del Salento)Ore 8,30&nbsp;Le politiche di prevenzione in Italia Calogero&nbsp;MAUCERI&nbsp;(Capo Dipartimento della Giovent\u00f9 \u2013 Presidenza Consiglio dei Ministri)&nbsp;Ore 9,00&nbsp;Report 2015 UNODC sulla prevenzione Giovanna CAMPELLO&nbsp;(UNODC Prevention, Treatment &amp; Reabilitation Section)&nbsp;Ore 10,00&nbsp;Dibattito&nbsp;Ore 10,30&nbsp;Pausa&nbsp;Ore 10,45&nbsp;L\u2019esperienze dell\u2019Istituto Comprensivo di Poggiardo nei progetti di prevenzione RitaAnna Rosaria&nbsp;PIZZOLEO&nbsp;(Docente Istituto Comprensivo Poggiardo)&nbsp;Ore 11,15&nbsp;L\u2019esperienza [&hellip;]\" \/>\n<meta property=\"og:url\" content=\"https:\/\/salomeodv.it\/web\/evento\/labuso-di-farmaci-dalla-prevenzione-al-trattamento\/\" \/>\n<meta property=\"og:site_name\" content=\"Salom\u00e9 odv\" \/>\n<meta property=\"article:publisher\" content=\"https:\/\/www.facebook.com\/profile.php?id=100079308981087\" \/>\n<meta property=\"og:image\" content=\"https:\/\/salomeodv.it\/web\/wp-content\/uploads\/2023\/11\/image-13.jpeg\" \/>\n\t<meta property=\"og:image:width\" content=\"945\" \/>\n\t<meta property=\"og:image:height\" content=\"355\" \/>\n\t<meta property=\"og:image:type\" content=\"image\/jpeg\" \/>\n<meta name=\"twitter:card\" content=\"summary_large_image\" \/>\n<meta name=\"twitter:label1\" content=\"Tempo di lettura stimato\" \/>\n\t<meta name=\"twitter:data1\" content=\"2 minuti\" \/>\n<script type=\"application\/ld+json\" class=\"yoast-schema-graph\">{\"@context\":\"https:\\\/\\\/schema.org\",\"@graph\":[{\"@type\":\"WebPage\",\"@id\":\"https:\\\/\\\/salomeodv.it\\\/web\\\/evento\\\/labuso-di-farmaci-dalla-prevenzione-al-trattamento\\\/\",\"url\":\"https:\\\/\\\/salomeodv.it\\\/web\\\/evento\\\/labuso-di-farmaci-dalla-prevenzione-al-trattamento\\\/\",\"name\":\"L'abuso di farmaci, dalla prevenzione al trattamento - Salom\u00e9 odv\",\"isPartOf\":{\"@id\":\"https:\\\/\\\/salomeodv.it\\\/web\\\/#website\"},\"primaryImageOfPage\":{\"@id\":\"https:\\\/\\\/salomeodv.it\\\/web\\\/evento\\\/labuso-di-farmaci-dalla-prevenzione-al-trattamento\\\/#primaryimage\"},\"image\":{\"@id\":\"https:\\\/\\\/salomeodv.it\\\/web\\\/evento\\\/labuso-di-farmaci-dalla-prevenzione-al-trattamento\\\/#primaryimage\"},\"thumbnailUrl\":\"https:\\\/\\\/salomeodv.it\\\/web\\\/wp-content\\\/uploads\\\/2023\\\/11\\\/image-13.jpeg\",\"datePublished\":\"2023-11-27T16:07:23+00:00\",\"breadcrumb\":{\"@id\":\"https:\\\/\\\/salomeodv.it\\\/web\\\/evento\\\/labuso-di-farmaci-dalla-prevenzione-al-trattamento\\\/#breadcrumb\"},\"inLanguage\":\"it-IT\",\"potentialAction\":[{\"@type\":\"ReadAction\",\"target\":[\"https:\\\/\\\/salomeodv.it\\\/web\\\/evento\\\/labuso-di-farmaci-dalla-prevenzione-al-trattamento\\\/\"]}]},{\"@type\":\"ImageObject\",\"inLanguage\":\"it-IT\",\"@id\":\"https:\\\/\\\/salomeodv.it\\\/web\\\/evento\\\/labuso-di-farmaci-dalla-prevenzione-al-trattamento\\\/#primaryimage\",\"url\":\"https:\\\/\\\/salomeodv.it\\\/web\\\/wp-content\\\/uploads\\\/2023\\\/11\\\/image-13.jpeg\",\"contentUrl\":\"https:\\\/\\\/salomeodv.it\\\/web\\\/wp-content\\\/uploads\\\/2023\\\/11\\\/image-13.jpeg\",\"width\":945,\"height\":355},{\"@type\":\"BreadcrumbList\",\"@id\":\"https:\\\/\\\/salomeodv.it\\\/web\\\/evento\\\/labuso-di-farmaci-dalla-prevenzione-al-trattamento\\\/#breadcrumb\",\"itemListElement\":[{\"@type\":\"ListItem\",\"position\":1,\"name\":\"Home\",\"item\":\"https:\\\/\\\/salomeodv.it\\\/web\\\/\"},{\"@type\":\"ListItem\",\"position\":2,\"name\":\"Eventi\",\"item\":\"https:\\\/\\\/salomeodv.it\\\/web\\\/eventi\\\/\"},{\"@type\":\"ListItem\",\"position\":3,\"name\":\"L&#8217;abuso di farmaci, dalla prevenzione al trattamento\"}]},{\"@type\":\"WebSite\",\"@id\":\"https:\\\/\\\/salomeodv.it\\\/web\\\/#website\",\"url\":\"https:\\\/\\\/salomeodv.it\\\/web\\\/\",\"name\":\"Salom\u00e8 ODV\",\"description\":\"\",\"publisher\":{\"@id\":\"https:\\\/\\\/salomeodv.it\\\/web\\\/#organization\"},\"alternateName\":\"Salom\u00e8\",\"potentialAction\":[{\"@type\":\"SearchAction\",\"target\":{\"@type\":\"EntryPoint\",\"urlTemplate\":\"https:\\\/\\\/salomeodv.it\\\/web\\\/?s={search_term_string}\"},\"query-input\":{\"@type\":\"PropertyValueSpecification\",\"valueRequired\":true,\"valueName\":\"search_term_string\"}}],\"inLanguage\":\"it-IT\"},{\"@type\":\"Organization\",\"@id\":\"https:\\\/\\\/salomeodv.it\\\/web\\\/#organization\",\"name\":\"Salom\u00e8 ODV\",\"alternateName\":\"Salom\u00e8\",\"url\":\"https:\\\/\\\/salomeodv.it\\\/web\\\/\",\"logo\":{\"@type\":\"ImageObject\",\"inLanguage\":\"it-IT\",\"@id\":\"https:\\\/\\\/salomeodv.it\\\/web\\\/#\\\/schema\\\/logo\\\/image\\\/\",\"url\":\"https:\\\/\\\/salomeodv.it\\\/web\\\/wp-content\\\/uploads\\\/2023\\\/11\\\/Salome_logo.jpg\",\"contentUrl\":\"https:\\\/\\\/salomeodv.it\\\/web\\\/wp-content\\\/uploads\\\/2023\\\/11\\\/Salome_logo.jpg\",\"width\":1920,\"height\":1080,\"caption\":\"Salom\u00e8 ODV\"},\"image\":{\"@id\":\"https:\\\/\\\/salomeodv.it\\\/web\\\/#\\\/schema\\\/logo\\\/image\\\/\"},\"sameAs\":[\"https:\\\/\\\/www.facebook.com\\\/profile.php?id=100079308981087\"]}]}<\/script>\n<!-- \/ Yoast SEO plugin. -->","yoast_head_json":{"title":"L'abuso di farmaci, dalla prevenzione al trattamento - Salom\u00e9 odv","robots":{"index":"index","follow":"follow","max-snippet":"max-snippet:-1","max-image-preview":"max-image-preview:large","max-video-preview":"max-video-preview:-1"},"canonical":"https:\/\/salomeodv.it\/web\/evento\/labuso-di-farmaci-dalla-prevenzione-al-trattamento\/","og_locale":"it_IT","og_type":"article","og_title":"L'abuso di farmaci, dalla prevenzione al trattamento - Salom\u00e9 odv","og_description":"PROGRAMMAOre 8,00&nbsp;Registrazione dei partecipanti&nbsp;Ore 8,30&nbsp;Saluti delle Autorit\u00e0&nbsp;I SESSIONE&nbsp;Moderatore Luigi&nbsp;SPEDICATO&nbsp;(Universit\u00e0 del Salento)Ore 8,30&nbsp;Le politiche di prevenzione in Italia Calogero&nbsp;MAUCERI&nbsp;(Capo Dipartimento della Giovent\u00f9 \u2013 Presidenza Consiglio dei Ministri)&nbsp;Ore 9,00&nbsp;Report 2015 UNODC sulla prevenzione Giovanna CAMPELLO&nbsp;(UNODC Prevention, Treatment &amp; Reabilitation Section)&nbsp;Ore 10,00&nbsp;Dibattito&nbsp;Ore 10,30&nbsp;Pausa&nbsp;Ore 10,45&nbsp;L\u2019esperienze dell\u2019Istituto Comprensivo di Poggiardo nei progetti di prevenzione RitaAnna Rosaria&nbsp;PIZZOLEO&nbsp;(Docente Istituto Comprensivo Poggiardo)&nbsp;Ore 11,15&nbsp;L\u2019esperienza [&hellip;]","og_url":"https:\/\/salomeodv.it\/web\/evento\/labuso-di-farmaci-dalla-prevenzione-al-trattamento\/","og_site_name":"Salom\u00e9 odv","article_publisher":"https:\/\/www.facebook.com\/profile.php?id=100079308981087","og_image":[{"width":945,"height":355,"url":"https:\/\/salomeodv.it\/web\/wp-content\/uploads\/2023\/11\/image-13.jpeg","type":"image\/jpeg"}],"twitter_card":"summary_large_image","twitter_misc":{"Tempo di lettura stimato":"2 minuti"},"schema":{"@context":"https:\/\/schema.org","@graph":[{"@type":"WebPage","@id":"https:\/\/salomeodv.it\/web\/evento\/labuso-di-farmaci-dalla-prevenzione-al-trattamento\/","url":"https:\/\/salomeodv.it\/web\/evento\/labuso-di-farmaci-dalla-prevenzione-al-trattamento\/","name":"L'abuso di farmaci, dalla prevenzione al trattamento - Salom\u00e9 odv","isPartOf":{"@id":"https:\/\/salomeodv.it\/web\/#website"},"primaryImageOfPage":{"@id":"https:\/\/salomeodv.it\/web\/evento\/labuso-di-farmaci-dalla-prevenzione-al-trattamento\/#primaryimage"},"image":{"@id":"https:\/\/salomeodv.it\/web\/evento\/labuso-di-farmaci-dalla-prevenzione-al-trattamento\/#primaryimage"},"thumbnailUrl":"https:\/\/salomeodv.it\/web\/wp-content\/uploads\/2023\/11\/image-13.jpeg","datePublished":"2023-11-27T16:07:23+00:00","breadcrumb":{"@id":"https:\/\/salomeodv.it\/web\/evento\/labuso-di-farmaci-dalla-prevenzione-al-trattamento\/#breadcrumb"},"inLanguage":"it-IT","potentialAction":[{"@type":"ReadAction","target":["https:\/\/salomeodv.it\/web\/evento\/labuso-di-farmaci-dalla-prevenzione-al-trattamento\/"]}]},{"@type":"ImageObject","inLanguage":"it-IT","@id":"https:\/\/salomeodv.it\/web\/evento\/labuso-di-farmaci-dalla-prevenzione-al-trattamento\/#primaryimage","url":"https:\/\/salomeodv.it\/web\/wp-content\/uploads\/2023\/11\/image-13.jpeg","contentUrl":"https:\/\/salomeodv.it\/web\/wp-content\/uploads\/2023\/11\/image-13.jpeg","width":945,"height":355},{"@type":"BreadcrumbList","@id":"https:\/\/salomeodv.it\/web\/evento\/labuso-di-farmaci-dalla-prevenzione-al-trattamento\/#breadcrumb","itemListElement":[{"@type":"ListItem","position":1,"name":"Home","item":"https:\/\/salomeodv.it\/web\/"},{"@type":"ListItem","position":2,"name":"Eventi","item":"https:\/\/salomeodv.it\/web\/eventi\/"},{"@type":"ListItem","position":3,"name":"L&#8217;abuso di farmaci, dalla prevenzione al trattamento"}]},{"@type":"WebSite","@id":"https:\/\/salomeodv.it\/web\/#website","url":"https:\/\/salomeodv.it\/web\/","name":"Salom\u00e8 ODV","description":"","publisher":{"@id":"https:\/\/salomeodv.it\/web\/#organization"},"alternateName":"Salom\u00e8","potentialAction":[{"@type":"SearchAction","target":{"@type":"EntryPoint","urlTemplate":"https:\/\/salomeodv.it\/web\/?s={search_term_string}"},"query-input":{"@type":"PropertyValueSpecification","valueRequired":true,"valueName":"search_term_string"}}],"inLanguage":"it-IT"},{"@type":"Organization","@id":"https:\/\/salomeodv.it\/web\/#organization","name":"Salom\u00e8 ODV","alternateName":"Salom\u00e8","url":"https:\/\/salomeodv.it\/web\/","logo":{"@type":"ImageObject","inLanguage":"it-IT","@id":"https:\/\/salomeodv.it\/web\/#\/schema\/logo\/image\/","url":"https:\/\/salomeodv.it\/web\/wp-content\/uploads\/2023\/11\/Salome_logo.jpg","contentUrl":"https:\/\/salomeodv.it\/web\/wp-content\/uploads\/2023\/11\/Salome_logo.jpg","width":1920,"height":1080,"caption":"Salom\u00e8 ODV"},"image":{"@id":"https:\/\/salomeodv.it\/web\/#\/schema\/logo\/image\/"},"sameAs":["https:\/\/www.facebook.com\/profile.php?id=100079308981087"]}]}},"_links":{"self":[{"href":"https:\/\/salomeodv.it\/web\/wp-json\/wp\/v2\/evento\/193","targetHints":{"allow":["GET"]}}],"collection":[{"href":"https:\/\/salomeodv.it\/web\/wp-json\/wp\/v2\/evento"}],"about":[{"href":"https:\/\/salomeodv.it\/web\/wp-json\/wp\/v2\/types\/evento"}],"wp:featuredmedia":[{"embeddable":true,"href":"https:\/\/salomeodv.it\/web\/wp-json\/wp\/v2\/media\/195"}],"wp:attachment":[{"href":"https:\/\/salomeodv.it\/web\/wp-json\/wp\/v2\/media?parent=193"}],"curies":[{"name":"wp","href":"https:\/\/api.w.org\/{rel}","templated":true}]}}